{"id":154,"date":"2011-12-01T20:47:32","date_gmt":"2011-12-01T19:47:32","guid":{"rendered":"http:\/\/wezu.hostdmk.net\/dajszanse_n\/?page_id=154"},"modified":"2021-10-08T13:58:15","modified_gmt":"2021-10-08T11:58:15","slug":"artystyczne","status":"publish","type":"page","link":"https:\/\/daj-szanse.eu\/?page_id=154","title":{"rendered":"Artystyczne"},"content":{"rendered":"<p><strong>STYPENDIA I NAGRODY ARTYSTYCZNE\u00a0 lata 2001-2009<\/strong><\/p>\n<p>1.Urszula Bernat<br \/>\n2.Patrycja Chru\u015bcik<br \/>\n3.Katarzyna Chrz\u0119szczyk<br \/>\n4.Magdalena Osi\u0144ska<\/p>\n<p>5.Konrad Kwiatkowski<\/p>\n<p>6.Joanna Ma\u015blikowska<\/p>\n<p>7.Dominika Kasprzycka<\/p>\n<p>8.Katarzyna Metzger<\/p>\n<p>9.Micha\u0142 Szkil<\/p>\n<div>\n<p><strong>STYPENDIA ARTYSTYCZNE na rok szkolny\u00a02009\/2010<br \/>\n<\/strong>1.Martyna Bilska<br \/>\n2.Patrycja Kawalec<br \/>\n3.Filip Sko\u015bkiewicz<br \/>\n4.Luiza Zegad\u0142o<\/p>\n<p><strong>STYPENDIA ARTYSTYCZNE\u00a0na rok szkolny\u00a02010\/2011<\/strong><\/p>\n<div>\n<p>1. Martyna Bilska<br \/>\n2. Patrycja Kawalec<br \/>\n3. Karol St\u0119pie\u0144<\/p>\n<p>Za osi\u0105gni\u0119cia artystyczne Fundacja przyzna\u0142a tak\u017ce dwie nagrody, kt\u00f3re otrzymali Weronika Fornal i Bart\u0142omiej Skorupa.<\/p>\n<p><strong>STYPENDIA ARTYSTYCZNE\u00a0na rok szkolny\u00a02011\/2012<\/strong><\/p>\n<p>1. Karol St\u0119pie\u0144<\/p>\n<p><strong>STYPENDIA ARTYSTYCZNE\u00a0na rok szkolny\u00a02012\/2013<\/strong><\/p>\n<p>1. Jan Markowski<br \/>\n2. Pawe\u0142 Nizio\u0142ek<\/p>\n<p>3.\u00a0Agnieszka St\u0119pnik<\/p>\n<p><strong>STYPENDIA ARTYSTYCZNE\u00a0na rok szkolny\u00a02013\/2014<\/strong><\/p>\n<p>1. Patrycja Kawalec<\/p>\n<p>2. Jan Markowski<\/p>\n<p>3. Pawe\u0142 Nizio\u0142ek<\/p>\n<p>4. Agnieszka St\u0119pnik<\/p>\n<p><strong>STYPENDIA ARTYSTYCZNE\u00a0na rok szkolny\u00a02014\/2015<\/strong><\/p>\n<p>1. Aleksandra G\u0105ska<\/p>\n<p>2. Pawe\u0142 Nizio\u0142ek<\/p>\n<p>3. Wiktoria Paduch<\/p>\n<p><strong>STYPENDIA ARTYSTYCZNE\u00a0na rok szkolny\u00a02015\/2016<\/strong><\/p>\n<p>1. Aleksandra G\u0105ska<\/p>\n<p>2. Aleks Kulita<\/p>\n<p>3. Jakub Rosa<\/p>\n<\/div>\n<p><strong>STYPENDIA ARTYSTYCZNE\u00a0na rok szkolny\u00a02016\/2017<\/strong><\/p>\n<p>Gadecka Emilia<\/p>\n<p><strong>STYPENDIA ARTYSTYCZNE\u00a0na rok szkolny\u00a02017\/2018<\/strong><\/p>\n<table style=\"width: 585px;\" border=\"0\" cellspacing=\"0\" cellpadding=\"0\">\n<tbody>\n<tr>\n<td style=\"width: 33px;\" height=\"20\">1.<\/td>\n<td style=\"width: 227px;\">Emilia Gadecka<\/td>\n<td style=\"width: 20px;\" colspan=\"2\"><\/td>\n<\/tr>\n<tr>\n<td style=\"width: 33px;\" height=\"20\">2.<\/td>\n<td style=\"width: 227px;\">Izabela Kobierska<\/td>\n<td style=\"width: 20px;\" colspan=\"2\"><\/td>\n<\/tr>\n<tr>\n<td style=\"width: 33px;\" height=\"20\">3.<\/td>\n<td style=\"width: 227px;\">Aleks Kulita<\/td>\n<\/tr>\n<\/tbody>\n<\/table>\n<div>\n<p><strong>STYPENDIA ARTYSTYCZNE\u00a0na rok szkolny\u00a02018\/2019<\/strong><\/p>\n<ol>\n<li>Gadecka Emilia Zesp\u00f3\u0142 Szk\u00f3\u0142 Muzycznych w Poznaniu<\/li>\n<li>Markowski Jan Og\u00f3lnokszta\u0142c\u0105ca Szko\u0142a Muzyczna II stopnia w Kielcach<\/li>\n<\/ol>\n<p><strong>STYPENDIA ARTYSTYCZNE\u00a0na rok szkolny\u00a02019\/2020<\/strong><\/p>\n<ol>\n<li>Gadecka Emilia Zesp\u00f3\u0142 Szk\u00f3\u0142 Muzycznych w Poznaniu<\/li>\n<li>Markowski Jan Og\u00f3lnokszta\u0142c\u0105ca Szko\u0142a Muzyczna II stopnia w Kielcach<\/li>\n<\/ol>\n<p><strong>STYPENDIA ARTYSTYCZNE\u00a0na rok szkolny\u00a02020\/2021<\/strong><\/p>\n<table>\n<tbody>\n<tr>\n<td><strong>1 Markowski Jan<\/strong><\/td>\n<td>Zesp\u00f3\u0142 Pa\u0144stwowych Szk\u00f3\u0142 Muzycznych w Kielcach<\/td>\n<\/tr>\n<tr>\n<td><strong>2 Gadecka Emilia<\/strong><\/td>\n<td>Zesp\u00f3\u0142 Szk\u00f3\u0142 Muzycznych w Poznaniu<\/td>\n<\/tr>\n<tr>\n<td><strong>3 Mikita Monika<\/strong><\/td>\n<td>Pa\u0144stwowe Liceum Sztuk Plastycznych w Kielcach<\/td>\n<\/tr>\n<\/tbody>\n<\/table>\n<\/div>\n<\/div>\n","protected":false},"excerpt":{"rendered":"<p>STYPENDIA I NAGRODY ARTYSTYCZNE\u00a0 lata 2001-2009 1.Urszula Bernat 2.Patrycja Chru\u015bcik 3.Katarzyna Chrz\u0119szczyk 4.Magdalena Osi\u0144ska 5.Konrad Kwiatkowski 6.Joanna Ma\u015blikowska 7.Dominika Kasprzycka 8.Katarzyna Metzger 9.Micha\u0142 Szkil STYPENDIA ARTYSTYCZNE na rok szkolny\u00a02009\/2010 1.Martyna Bilska 2.Patrycja Kawalec 3.Filip Sko\u015bkiewicz 4.Luiza Zegad\u0142o STYPENDIA ARTYSTYCZNE\u00a0na rok szkolny\u00a02010\/2011 1. Martyna Bilska 2. Patrycja Kawalec 3. Karol St\u0119pie\u0144 Za osi\u0105gni\u0119cia artystyczne Fundacja przyzna\u0142a [&hellip;]<\/p>\n","protected":false},"author":1,"featured_media":0,"parent":127,"menu_order":6,"comment_status":"open","ping_status":"open","template":"","meta":[],"_links":{"self":[{"href":"https:\/\/daj-szanse.eu\/index.php?rest_route=\/wp\/v2\/pages\/154"}],"collection":[{"href":"https:\/\/daj-szanse.eu\/index.php?rest_route=\/wp\/v2\/pages"}],"about":[{"href":"https:\/\/daj-szanse.eu\/index.php?rest_route=\/wp\/v2\/types\/page"}],"author":[{"embeddable":true,"href":"https:\/\/daj-szanse.eu\/index.php?rest_route=\/wp\/v2\/users\/1"}],"replies":[{"embeddable":true,"href":"https:\/\/daj-szanse.eu\/index.php?rest_route=%2Fwp%2Fv2%2Fcomments&post=154"}],"version-history":[{"count":11,"href":"https:\/\/daj-szanse.eu\/index.php?rest_route=\/wp\/v2\/pages\/154\/revisions"}],"predecessor-version":[{"id":2659,"href":"https:\/\/daj-szanse.eu\/index.php?rest_route=\/wp\/v2\/pages\/154\/revisions\/2659"}],"up":[{"embeddable":true,"href":"https:\/\/daj-szanse.eu\/index.php?rest_route=\/wp\/v2\/pages\/127"}],"wp:attachment":[{"href":"https:\/\/daj-szanse.eu\/index.php?rest_route=%2Fwp%2Fv2%2Fmedia&parent=154"}],"curies":[{"name":"wp","href":"https:\/\/api.w.org\/{rel}","templated":true}]}}